{"id":747,"date":"2022-05-09T08:37:18","date_gmt":"2022-05-09T06:37:18","guid":{"rendered":"https:\/\/imk-ic.de\/?page_id=747"},"modified":"2022-11-05T11:19:12","modified_gmt":"2022-11-05T10:19:12","slug":"geschichte-der-merkelfabrik","status":"publish","type":"page","link":"https:\/\/imk-ic.de\/en\/historie\/geschichte-der-merkelfabrik\/","title":{"rendered":"History of the Merkelfabrik"},"content":{"rendered":"\t\t<div data-elementor-type=\"wp-page\" data-elementor-id=\"747\" class=\"elementor elementor-747\" data-elementor-post-type=\"page\">\n\t\t\t\t\t\t<section class=\"elementor-section elementor-top-section elementor-element elementor-element-52193ef elementor-section-content-middle elementor-section-boxed elementor-section-height-default elementor-section-height-default\" data-id=\"52193ef\" data-element_type=\"section\" data-e-type=\"section\" data-settings=\"{&quot;background_background&quot;:&quot;classic&quot;}\">\n\t\t\t\t\t\t\t<div class=\"elementor-background-overlay\"><\/div>\n\t\t\t\t\t\t\t<div class=\"elementor-container elementor-column-gap-default\">\n\t\t\t\t\t<div class=\"elementor-column elementor-col-50 elementor-top-column elementor-element elementor-element-829d006\" data-id=\"829d006\" data-element_type=\"column\" data-e-type=\"column\">\n\t\t\t<div class=\"elementor-widget-wrap elementor-element-populated\">\n\t\t\t\t\t\t<div class=\"elementor-element elementor-element-7df49f5 elementor-widget elementor-widget-heading\" data-id=\"7df49f5\" data-element_type=\"widget\" data-e-type=\"widget\" data-widget_type=\"heading.default\">\n\t\t\t\t\t<h1 class=\"elementor-heading-title elementor-size-default\">Geschichte der Merkelfabrik<\/h1>\t\t\t\t<\/div>\n\t\t\t\t<div class=\"elementor-element elementor-element-421a577 elementor-widget elementor-widget-text-editor\" data-id=\"421a577\" data-element_type=\"widget\" data-e-type=\"widget\" data-widget_type=\"text-editor.default\">\n\t\t\t\t\t\t\t\t\t<div class=\"ce_text block\"><div class=\"ce_text-inside\"><p>Die &#8222;Alte Merkelfabrik&#8220; wird neuer Firmensitz der imk automotive<\/p><\/div><\/div>\t\t\t\t\t\t\t\t<\/div>\n\t\t\t\t\t<\/div>\n\t\t<\/div>\n\t\t\t\t<div class=\"elementor-column elementor-col-50 elementor-top-column elementor-element elementor-element-54a7a13\" data-id=\"54a7a13\" data-element_type=\"column\" data-e-type=\"column\" data-settings=\"{&quot;motion_fx_motion_fx_mouse&quot;:&quot;yes&quot;,&quot;motion_fx_tilt_effect&quot;:&quot;yes&quot;,&quot;motion_fx_tilt_speed&quot;:{&quot;unit&quot;:&quot;px&quot;,&quot;size&quot;:1.5,&quot;sizes&quot;:[]}}\">\n\t\t\t<div class=\"elementor-widget-wrap elementor-element-populated\">\n\t\t\t\t\t\t<section class=\"elementor-section elementor-inner-section elementor-element elementor-element-9366961 elementor-section-boxed elementor-section-height-default elementor-section-height-default\" data-id=\"9366961\" data-element_type=\"section\" data-e-type=\"section\">\n\t\t\t\t\t\t\t<div class=\"elementor-background-overlay\"><\/div>\n\t\t\t\t\t\t\t<div class=\"elementor-container elementor-column-gap-wide\">\n\t\t\t\t\t<div class=\"elementor-column elementor-col-100 elementor-inner-column elementor-element elementor-element-c679de0\" data-id=\"c679de0\" data-element_type=\"column\" data-e-type=\"column\">\n\t\t\t<div class=\"elementor-widget-wrap elementor-element-populated\">\n\t\t\t\t\t\t<div class=\"elementor-element elementor-element-10b7028 elementor-widget elementor-widget-image\" data-id=\"10b7028\" data-element_type=\"widget\" data-e-type=\"widget\" data-widget_type=\"image.default\">\n\t\t\t\t\t\t\t\t\t\t\t\t\t\t\t<img fetchpriority=\"high\" decoding=\"async\" width=\"712\" height=\"426\" src=\"https:\/\/imk-ic.de\/wp-content\/uploads\/2022\/04\/logo.png\" class=\"attachment-large size-large wp-image-44\" alt=\"\" srcset=\"https:\/\/imk-ic.de\/wp-content\/uploads\/2022\/04\/logo.png 712w, https:\/\/imk-ic.de\/wp-content\/uploads\/2022\/04\/logo-300x179.png 300w\" sizes=\"(max-width: 712px) 100vw, 712px\" \/>\t\t\t\t\t\t\t\t\t\t\t\t\t\t\t<\/div>\n\t\t\t\t<div class=\"elementor-element elementor-element-06c387a elementor-widget elementor-widget-text-editor\" data-id=\"06c387a\" data-element_type=\"widget\" data-e-type=\"widget\" data-widget_type=\"text-editor.default\">\n\t\t\t\t\t\t\t\t\t<div>Die Geschichte der imk im \u00dcberblick \u2013 von 2002 bis heute.<\/div>\t\t\t\t\t\t\t\t<\/div>\n\t\t\t\t<div class=\"elementor-element elementor-element-47eb6aa elementor-widget__width-auto elementor-widget elementor-widget-button\" data-id=\"47eb6aa\" data-element_type=\"widget\" data-e-type=\"widget\" data-widget_type=\"button.default\">\n\t\t\t\t\t\t\t\t\t\t<a class=\"elementor-button elementor-button-link elementor-size-lg\" href=\"https:\/\/imk-ic.de\/historie\/\">\n\t\t\t\t\t\t<span class=\"elementor-button-content-wrapper\">\n\t\t\t\t\t\t<span class=\"elementor-button-icon\">\n\t\t\t\t<i aria-hidden=\"true\" class=\"fas fa-long-arrow-alt-right\"><\/i>\t\t\t<\/span>\n\t\t\t\t\t\t\t\t\t<span class=\"elementor-button-text\">Unternehmens&shy;geschichte<\/span>\n\t\t\t\t\t<\/span>\n\t\t\t\t\t<\/a>\n\t\t\t\t\t\t\t\t<\/div>\n\t\t\t\t\t<\/div>\n\t\t<\/div>\n\t\t\t\t\t<\/div>\n\t\t<\/section>\n\t\t\t\t\t<\/div>\n\t\t<\/div>\n\t\t\t\t\t<\/div>\n\t\t<\/section>\n\t\t\t\t<section class=\"elementor-section elementor-top-section elementor-element elementor-element-e20f5e8 elementor-section-content-middle elementor-section-boxed elementor-section-height-default elementor-section-height-default\" data-id=\"e20f5e8\" data-element_type=\"section\" data-e-type=\"section\">\n\t\t\t\t\t\t<div class=\"elementor-container elementor-column-gap-default\">\n\t\t\t\t\t<div class=\"elementor-column elementor-col-50 elementor-top-column elementor-element elementor-element-0ebeeda\" data-id=\"0ebeeda\" data-element_type=\"column\" data-e-type=\"column\">\n\t\t\t<div class=\"elementor-widget-wrap elementor-element-populated\">\n\t\t\t\t\t\t<div class=\"elementor-element elementor-element-9863cd5 elementor-widget elementor-widget-text-editor\" data-id=\"9863cd5\" data-element_type=\"widget\" data-e-type=\"widget\" data-widget_type=\"text-editor.default\">\n\t\t\t\t\t\t\t\t\t<p>Der Lehngutsbesitzer und Lehnrichter von Altenhain, Johann August H\u00f6\u00dfler, beauftragte Anfang des 19. Jahrhunderts den Altenhainer Baumeister Christian Friedrich Uhlig, eine wasserbetriebene Spinnm\u00fchle zu erbauen.<br \/><br \/>Diese Baumwollmaschinenspinnerei, auch &#8222;H\u00f6\u00dflersche Spinnm\u00fchle&#8220; genannt, wurde 1821 vom Baumeister errichtet. Zum Betrieb der Spinnerei wurde ein Nebenfl\u00fcsschen des Dorfbaches in Teichen angestaut. Im Keller des Geb\u00e4udes befand sich ein Wasserrad, und von der Radkammer aus wurde die Kraft durch L\u00f6cher in den B\u00f6den direkt zu den Spinnmaschinen in den oberen Stockwerken \u00fcbertragen.<\/p>\t\t\t\t\t\t\t\t<\/div>\n\t\t\t\t<div class=\"elementor-element elementor-element-3f658c5 elementor-widget elementor-widget-text-editor\" data-id=\"3f658c5\" data-element_type=\"widget\" data-e-type=\"widget\" data-widget_type=\"text-editor.default\">\n\t\t\t\t\t\t\t\t\t<p>Im Jahr 1880 gr\u00fcndete Friedrich Eduard Lohr eine Firma und baute bis 1890 die Untere Spinnm\u00fchle zur M\u00f6belfabrik um. Die Firma fertigte Gestelle f\u00fcr St\u00fchle, Sessel, Sofas und auch Tische. Ernst Merkel, der Schwiegersohn von Eduard Lohr, \u00fcbernahm die Fabrik kurze Zeit sp\u00e4ter.<br \/><br \/>Dessen S\u00f6hne Martin und Konrad f\u00fchrten dann die M\u00f6belfabrik weiter und bis zur Enteignung 1973 blieb sie im Besitz der Familie Merkel. Ab 1960 war die Firma Ernst Merkel KG halbstaatlich, 1973 wurde sie in einen &#8222;Volkseigenen Betrieb&#8220;, VEB Gestellbau, umgewandelt.<\/p>\t\t\t\t\t\t\t\t<\/div>\n\t\t\t\t<div class=\"elementor-element elementor-element-8ebaa94 elementor-widget elementor-widget-text-editor\" data-id=\"8ebaa94\" data-element_type=\"widget\" data-e-type=\"widget\" data-widget_type=\"text-editor.default\">\n\t\t\t\t\t\t\t\t\t<div class=\"ce_text block\"><div class=\"ce_text-inside\"><p>Die Treuhand \u00fcbernahm die Fabrik 1990, die Produktion musste eingestellt und der Betrieb stillgelegt werden. Familie Merkel erhielt ihren Besitz 1994 zur\u00fcck; im Oktober 2000 verkaufte die Erbengemeinschaft den Fabrikkomplex an die Chemnitzer GIB GmbH. Diese plante eine Sanierung und Umnutzung des Kulturdenkmals zu Wohnzwecken.<\/p><p>Seit 2002 stand das Grundst\u00fcck mit dem Fabrikgeb\u00e4ude zum Verkauf.<\/p><\/div><\/div>\t\t\t\t\t\t\t\t<\/div>\n\t\t\t\t\t<\/div>\n\t\t<\/div>\n\t\t\t\t<div class=\"elementor-column elementor-col-50 elementor-top-column elementor-element elementor-element-5a08ff6\" data-id=\"5a08ff6\" data-element_type=\"column\" data-e-type=\"column\">\n\t\t\t<div class=\"elementor-widget-wrap elementor-element-populated\">\n\t\t\t\t\t\t<div class=\"elementor-element elementor-element-5f866d5 elementor-widget elementor-widget-image\" data-id=\"5f866d5\" data-element_type=\"widget\" data-e-type=\"widget\" data-widget_type=\"image.default\">\n\t\t\t\t\t\t\t\t\t\t\t\t<figure class=\"wp-caption\">\n\t\t\t\t\t\t\t\t\t\t<img decoding=\"async\" width=\"418\" height=\"133\" src=\"https:\/\/imk-ic.de\/wp-content\/uploads\/2022\/05\/Briefkopf1920er1.jpg\" class=\"attachment-large size-large wp-image-750\" alt=\"\" srcset=\"https:\/\/imk-ic.de\/wp-content\/uploads\/2022\/05\/Briefkopf1920er1.jpg 418w, https:\/\/imk-ic.de\/wp-content\/uploads\/2022\/05\/Briefkopf1920er1-300x95.jpg 300w\" sizes=\"(max-width: 418px) 100vw, 418px\" \/>\t\t\t\t\t\t\t\t\t\t\t<figcaption class=\"widget-image-caption wp-caption-text\">Briefkopf und historisches Firmenlogo aus dem Archiv der Heimatzeitung \"Adelsberger\"\n<\/figcaption>\n\t\t\t\t\t\t\t\t\t\t<\/figure>\n\t\t\t\t\t\t\t\t\t<\/div>\n\t\t\t\t<div class=\"elementor-element elementor-element-69d9709 elementor-widget elementor-widget-gallery\" data-id=\"69d9709\" data-element_type=\"widget\" data-e-type=\"widget\" data-settings=\"{&quot;gallery_layout&quot;:&quot;masonry&quot;,&quot;columns&quot;:2,&quot;columns_mobile&quot;:2,&quot;lazyload&quot;:&quot;yes&quot;,&quot;columns_tablet&quot;:2,&quot;gap&quot;:{&quot;unit&quot;:&quot;px&quot;,&quot;size&quot;:10,&quot;sizes&quot;:[]},&quot;gap_tablet&quot;:{&quot;unit&quot;:&quot;px&quot;,&quot;size&quot;:10,&quot;sizes&quot;:[]},&quot;gap_mobile&quot;:{&quot;unit&quot;:&quot;px&quot;,&quot;size&quot;:10,&quot;sizes&quot;:[]},&quot;link_to&quot;:&quot;file&quot;,&quot;overlay_background&quot;:&quot;yes&quot;,&quot;content_hover_animation&quot;:&quot;fade-in&quot;}\" data-widget_type=\"gallery.default\">\n\t\t\t\t\t\t\t<div class=\"elementor-gallery__container\">\n\t\t\t\t\t\t\t<a class=\"e-gallery-item elementor-gallery-item elementor-animated-content\" href=\"https:\/\/imk-ic.de\/wp-content\/uploads\/2022\/05\/scan038865_005-scaled.jpg\" data-elementor-open-lightbox=\"yes\" data-elementor-lightbox-slideshow=\"69d9709\" data-elementor-lightbox-title=\"scan038865_005\" data-e-action-hash=\"#elementor-action%3Aaction%3Dlightbox%26settings%3DeyJpZCI6ODIxLCJ1cmwiOiJodHRwczpcL1wvaW1rLWljLmRlXC93cC1jb250ZW50XC91cGxvYWRzXC8yMDIyXC8wNVwvc2NhbjAzODg2NV8wMDUtc2NhbGVkLmpwZyIsInNsaWRlc2hvdyI6IjY5ZDk3MDkifQ%3D%3D\">\n\t\t\t\t\t<div class=\"e-gallery-image elementor-gallery-item__image\" data-thumbnail=\"https:\/\/imk-ic.de\/wp-content\/uploads\/2022\/05\/scan038865_005-1024x724.jpg\" data-width=\"800\" data-height=\"566\" aria-label=\"\" role=\"img\" ><\/div>\n\t\t\t\t\t\t\t\t\t\t\t<div class=\"elementor-gallery-item__overlay\"><\/div>\n\t\t\t\t\t\t\t\t\t\t\t\t\t\t<\/a>\n\t\t\t\t\t\t\t<a class=\"e-gallery-item elementor-gallery-item elementor-animated-content\" href=\"https:\/\/imk-ic.de\/wp-content\/uploads\/2022\/05\/scan038865_009-scaled.jpg\" data-elementor-open-lightbox=\"yes\" data-elementor-lightbox-slideshow=\"69d9709\" data-elementor-lightbox-title=\"scan038865_009\" data-e-action-hash=\"#elementor-action%3Aaction%3Dlightbox%26settings%3DeyJpZCI6ODIyLCJ1cmwiOiJodHRwczpcL1wvaW1rLWljLmRlXC93cC1jb250ZW50XC91cGxvYWRzXC8yMDIyXC8wNVwvc2NhbjAzODg2NV8wMDktc2NhbGVkLmpwZyIsInNsaWRlc2hvdyI6IjY5ZDk3MDkifQ%3D%3D\">\n\t\t\t\t\t<div class=\"e-gallery-image elementor-gallery-item__image\" data-thumbnail=\"https:\/\/imk-ic.de\/wp-content\/uploads\/2022\/05\/scan038865_009-724x1024.jpg\" data-width=\"724\" data-height=\"1024\" aria-label=\"\" role=\"img\" ><\/div>\n\t\t\t\t\t\t\t\t\t\t\t<div class=\"elementor-gallery-item__overlay\"><\/div>\n\t\t\t\t\t\t\t\t\t\t\t\t\t\t<\/a>\n\t\t\t\t\t\t\t<a class=\"e-gallery-item elementor-gallery-item elementor-animated-content\" href=\"https:\/\/imk-ic.de\/wp-content\/uploads\/2022\/05\/scan038866_004-scaled.jpg\" data-elementor-open-lightbox=\"yes\" data-elementor-lightbox-slideshow=\"69d9709\" data-elementor-lightbox-title=\"scan038866_004\" data-e-action-hash=\"#elementor-action%3Aaction%3Dlightbox%26settings%3DeyJpZCI6ODIzLCJ1cmwiOiJodHRwczpcL1wvaW1rLWljLmRlXC93cC1jb250ZW50XC91cGxvYWRzXC8yMDIyXC8wNVwvc2NhbjAzODg2Nl8wMDQtc2NhbGVkLmpwZyIsInNsaWRlc2hvdyI6IjY5ZDk3MDkifQ%3D%3D\">\n\t\t\t\t\t<div class=\"e-gallery-image elementor-gallery-item__image\" data-thumbnail=\"https:\/\/imk-ic.de\/wp-content\/uploads\/2022\/05\/scan038866_004-724x1024.jpg\" data-width=\"724\" data-height=\"1024\" aria-label=\"\" role=\"img\" ><\/div>\n\t\t\t\t\t\t\t\t\t\t\t<div class=\"elementor-gallery-item__overlay\"><\/div>\n\t\t\t\t\t\t\t\t\t\t\t\t\t\t<\/a>\n\t\t\t\t\t\t\t<a class=\"e-gallery-item elementor-gallery-item elementor-animated-content\" href=\"https:\/\/imk-ic.de\/wp-content\/uploads\/2022\/05\/scan038865_004-scaled.jpg\" data-elementor-open-lightbox=\"yes\" data-elementor-lightbox-slideshow=\"69d9709\" data-elementor-lightbox-title=\"scan038865_004\" data-e-action-hash=\"#elementor-action%3Aaction%3Dlightbox%26settings%3DeyJpZCI6ODI0LCJ1cmwiOiJodHRwczpcL1wvaW1rLWljLmRlXC93cC1jb250ZW50XC91cGxvYWRzXC8yMDIyXC8wNVwvc2NhbjAzODg2NV8wMDQtc2NhbGVkLmpwZyIsInNsaWRlc2hvdyI6IjY5ZDk3MDkifQ%3D%3D\">\n\t\t\t\t\t<div class=\"e-gallery-image elementor-gallery-item__image\" data-thumbnail=\"https:\/\/imk-ic.de\/wp-content\/uploads\/2022\/05\/scan038865_004-1024x724.jpg\" data-width=\"800\" data-height=\"566\" aria-label=\"\" role=\"img\" ><\/div>\n\t\t\t\t\t\t\t\t\t\t\t<div class=\"elementor-gallery-item__overlay\"><\/div>\n\t\t\t\t\t\t\t\t\t\t\t\t\t\t<\/a>\n\t\t\t\t\t<\/div>\n\t\t\t\t\t<\/div>\n\t\t\t\t\t<\/div>\n\t\t<\/div>\n\t\t\t\t\t<\/div>\n\t\t<\/section>\n\t\t\t\t<section class=\"elementor-section elementor-top-section elementor-element elementor-element-671a47b elementor-section-content-middle elementor-reverse-tablet elementor-reverse-mobile elementor-section-boxed elementor-section-height-default elementor-section-height-default\" data-id=\"671a47b\" data-element_type=\"section\" data-e-type=\"section\">\n\t\t\t\t\t\t<div class=\"elementor-container elementor-column-gap-default\">\n\t\t\t\t\t<div class=\"elementor-column elementor-col-50 elementor-top-column elementor-element elementor-element-636e973\" data-id=\"636e973\" data-element_type=\"column\" data-e-type=\"column\">\n\t\t\t<div class=\"elementor-widget-wrap elementor-element-populated\">\n\t\t\t\t\t\t<div class=\"elementor-element elementor-element-8bbe559 elementor-widget elementor-widget-gallery\" data-id=\"8bbe559\" data-element_type=\"widget\" data-e-type=\"widget\" data-settings=\"{&quot;gallery_layout&quot;:&quot;masonry&quot;,&quot;columns&quot;:2,&quot;columns_mobile&quot;:2,&quot;lazyload&quot;:&quot;yes&quot;,&quot;columns_tablet&quot;:2,&quot;gap&quot;:{&quot;unit&quot;:&quot;px&quot;,&quot;size&quot;:10,&quot;sizes&quot;:[]},&quot;gap_tablet&quot;:{&quot;unit&quot;:&quot;px&quot;,&quot;size&quot;:10,&quot;sizes&quot;:[]},&quot;gap_mobile&quot;:{&quot;unit&quot;:&quot;px&quot;,&quot;size&quot;:10,&quot;sizes&quot;:[]},&quot;link_to&quot;:&quot;file&quot;,&quot;overlay_background&quot;:&quot;yes&quot;,&quot;content_hover_animation&quot;:&quot;fade-in&quot;}\" data-widget_type=\"gallery.default\">\n\t\t\t\t\t\t\t<div class=\"elementor-gallery__container\">\n\t\t\t\t\t\t\t<a class=\"e-gallery-item elementor-gallery-item elementor-animated-content\" href=\"https:\/\/imk-ic.de\/wp-content\/uploads\/2022\/05\/gewoelbe1.jpg\" data-elementor-open-lightbox=\"yes\" data-elementor-lightbox-slideshow=\"8bbe559\" data-elementor-lightbox-title=\"gewoelbe[1]\" data-e-action-hash=\"#elementor-action%3Aaction%3Dlightbox%26settings%3DeyJpZCI6NzUxLCJ1cmwiOiJodHRwczpcL1wvaW1rLWljLmRlXC93cC1jb250ZW50XC91cGxvYWRzXC8yMDIyXC8wNVwvZ2V3b2VsYmUxLmpwZyIsInNsaWRlc2hvdyI6IjhiYmU1NTkifQ%3D%3D\">\n\t\t\t\t\t<div class=\"e-gallery-image elementor-gallery-item__image\" data-thumbnail=\"https:\/\/imk-ic.de\/wp-content\/uploads\/2022\/05\/gewoelbe1.jpg\" data-width=\"800\" data-height=\"600\" aria-label=\"\" role=\"img\" ><\/div>\n\t\t\t\t\t\t\t\t\t\t\t<div class=\"elementor-gallery-item__overlay\"><\/div>\n\t\t\t\t\t\t\t\t\t\t\t\t\t\t<\/a>\n\t\t\t\t\t\t\t<a class=\"e-gallery-item elementor-gallery-item elementor-animated-content\" href=\"https:\/\/imk-ic.de\/wp-content\/uploads\/2022\/05\/gebaeude1.jpg\" data-elementor-open-lightbox=\"yes\" data-elementor-lightbox-slideshow=\"8bbe559\" data-elementor-lightbox-title=\"gebaeude[1]\" data-e-action-hash=\"#elementor-action%3Aaction%3Dlightbox%26settings%3DeyJpZCI6NzUyLCJ1cmwiOiJodHRwczpcL1wvaW1rLWljLmRlXC93cC1jb250ZW50XC91cGxvYWRzXC8yMDIyXC8wNVwvZ2ViYWV1ZGUxLmpwZyIsInNsaWRlc2hvdyI6IjhiYmU1NTkifQ%3D%3D\">\n\t\t\t\t\t<div class=\"e-gallery-image elementor-gallery-item__image\" data-thumbnail=\"https:\/\/imk-ic.de\/wp-content\/uploads\/2022\/05\/gebaeude1.jpg\" data-width=\"450\" data-height=\"600\" aria-label=\"\" role=\"img\" ><\/div>\n\t\t\t\t\t\t\t\t\t\t\t<div class=\"elementor-gallery-item__overlay\"><\/div>\n\t\t\t\t\t\t\t\t\t\t\t\t\t\t<\/a>\n\t\t\t\t\t\t\t<a class=\"e-gallery-item elementor-gallery-item elementor-animated-content\" href=\"https:\/\/imk-ic.de\/wp-content\/uploads\/2022\/05\/DSC_6359-scaled.jpg\" data-elementor-open-lightbox=\"yes\" data-elementor-lightbox-slideshow=\"8bbe559\" data-elementor-lightbox-title=\"DSC_6359\" data-e-action-hash=\"#elementor-action%3Aaction%3Dlightbox%26settings%3DeyJpZCI6NTIwLCJ1cmwiOiJodHRwczpcL1wvaW1rLWljLmRlXC93cC1jb250ZW50XC91cGxvYWRzXC8yMDIyXC8wNVwvRFNDXzYzNTktc2NhbGVkLmpwZyIsInNsaWRlc2hvdyI6IjhiYmU1NTkifQ%3D%3D\">\n\t\t\t\t\t<div class=\"e-gallery-image elementor-gallery-item__image\" data-thumbnail=\"https:\/\/imk-ic.de\/wp-content\/uploads\/2022\/05\/DSC_6359-680x1024.jpg\" data-width=\"680\" data-height=\"1024\" aria-label=\"\" role=\"img\" ><\/div>\n\t\t\t\t\t\t\t\t\t\t\t<div class=\"elementor-gallery-item__overlay\"><\/div>\n\t\t\t\t\t\t\t\t\t\t\t\t\t\t<\/a>\n\t\t\t\t\t\t\t<a class=\"e-gallery-item elementor-gallery-item elementor-animated-content\" href=\"https:\/\/imk-ic.de\/wp-content\/uploads\/2022\/05\/DSC_6383-scaled.jpg\" data-elementor-open-lightbox=\"yes\" data-elementor-lightbox-slideshow=\"8bbe559\" data-elementor-lightbox-title=\"DSC_6383\" data-e-action-hash=\"#elementor-action%3Aaction%3Dlightbox%26settings%3DeyJpZCI6NTIyLCJ1cmwiOiJodHRwczpcL1wvaW1rLWljLmRlXC93cC1jb250ZW50XC91cGxvYWRzXC8yMDIyXC8wNVwvRFNDXzYzODMtc2NhbGVkLmpwZyIsInNsaWRlc2hvdyI6IjhiYmU1NTkifQ%3D%3D\">\n\t\t\t\t\t<div class=\"e-gallery-image elementor-gallery-item__image\" data-thumbnail=\"https:\/\/imk-ic.de\/wp-content\/uploads\/2022\/05\/DSC_6383-680x1024.jpg\" data-width=\"680\" data-height=\"1024\" aria-label=\"\" role=\"img\" ><\/div>\n\t\t\t\t\t\t\t\t\t\t\t<div class=\"elementor-gallery-item__overlay\"><\/div>\n\t\t\t\t\t\t\t\t\t\t\t\t\t\t<\/a>\n\t\t\t\t\t\t\t<a class=\"e-gallery-item elementor-gallery-item elementor-animated-content\" href=\"https:\/\/imk-ic.de\/wp-content\/uploads\/2022\/05\/Aussenaufnahme_Firmensitz_imk.jpg\" data-elementor-open-lightbox=\"yes\" data-elementor-lightbox-slideshow=\"8bbe559\" data-elementor-lightbox-title=\"Au\u00dfenaufnahme_Firmensitz_imk\" data-e-action-hash=\"#elementor-action%3Aaction%3Dlightbox%26settings%3DeyJpZCI6NTE5LCJ1cmwiOiJodHRwczpcL1wvaW1rLWljLmRlXC93cC1jb250ZW50XC91cGxvYWRzXC8yMDIyXC8wNVwvQXVzc2VuYXVmbmFobWVfRmlybWVuc2l0el9pbWsuanBnIiwic2xpZGVzaG93IjoiOGJiZTU1OSJ9\">\n\t\t\t\t\t<div class=\"e-gallery-image elementor-gallery-item__image\" data-thumbnail=\"https:\/\/imk-ic.de\/wp-content\/uploads\/2022\/05\/Aussenaufnahme_Firmensitz_imk-1024x717.jpg\" data-width=\"800\" data-height=\"560\" aria-label=\"\" role=\"img\" ><\/div>\n\t\t\t\t\t\t\t\t\t\t\t<div class=\"elementor-gallery-item__overlay\"><\/div>\n\t\t\t\t\t\t\t\t\t\t\t\t\t\t<\/a>\n\t\t\t\t\t<\/div>\n\t\t\t\t\t<\/div>\n\t\t\t\t\t<\/div>\n\t\t<\/div>\n\t\t\t\t<div class=\"elementor-column elementor-col-50 elementor-top-column elementor-element elementor-element-fa48e39\" data-id=\"fa48e39\" data-element_type=\"column\" data-e-type=\"column\">\n\t\t\t<div class=\"elementor-widget-wrap elementor-element-populated\">\n\t\t\t\t\t\t<div class=\"elementor-element elementor-element-c7d1064 elementor-widget elementor-widget-heading\" data-id=\"c7d1064\" data-element_type=\"widget\" data-e-type=\"widget\" data-widget_type=\"heading.default\">\n\t\t\t\t\t<h2 class=\"elementor-heading-title elementor-size-default\">Das Kulturdenkmal Merkelfabrik\n<\/h2>\t\t\t\t<\/div>\n\t\t\t\t<div class=\"elementor-element elementor-element-4e97a9a elementor-widget elementor-widget-text-editor\" data-id=\"4e97a9a\" data-element_type=\"widget\" data-e-type=\"widget\" data-widget_type=\"text-editor.default\">\n\t\t\t\t\t\t\t\t\t<div class=\"ce_text block\"><div class=\"ce_text-inside\"><p>Das Geb\u00e4ude ist entsprechend \u00a72 S\u00e4chsisches Denkmalschutzgesetz (S\u00e4chsDSchG) als Kulturdenkmal erfasst. Das \u00f6ffentliche Interesse an diesem Objekt basiert auf seiner stadtgeschichtlichen, baugeschichtlichen sowie industriegeschichtlichen Bedeutung.<br \/><br \/>Die untere Spinnm\u00fchle geh\u00f6rt zu den letzten, noch erhaltenen fr\u00fcheren Spinnm\u00fchlen des s\u00e4chsischen Kirchenbaumeisters Christian Friedrich Uhlig (1774-1848). Sie ist somit Zeugnis der fr\u00fchen Industriebauten Sachsens. Sie ist bereits in der topographischen Karte von 1821 eingezeichnet. Das Geb\u00e4ude wurde seit 1895 als M\u00f6belgestellfabrik Merkel zur M\u00f6belfabrikation genutzt. Die Produktion wurde erst 1990 eingestellt.<br \/><br \/>Das 4&#215;9 Achsen gro\u00dfe Geb\u00e4ude zeigt in eindringlicher Weise die zweckbetonte und wohlproportionierte Architektursprache des Baumeisters C.F. Uhlig. Durch das hohe Mansarddach steht das Geb\u00e4ude in der Tradition der barocken B\u00fcrgerh\u00e4user. Die Fassaden der Spinnm\u00fchle wurden mit sandfarbenem Glattputz versehen. Durch die Verwendung von vermutlich farbig gefa\u00dften Hilbersdorfer Porphyrtuff f\u00fcr Fenstergew\u00e4nde und besonders auch f\u00fcr die Schmuckeing\u00e4nge, gestaltet mit halbplastischen Festons \u00fcber einem zentralen Medaillon, wird die lokale Verwendung von Baustoffen genauso deutlich wie bei der Verwendung von lokalem Phyllitgestein, gemischt mit Hilbersdorfer-Porphyr als Mauerwerkstein f\u00fcr die Fassade.<\/p><\/div><\/div>\t\t\t\t\t\t\t\t<\/div>\n\t\t\t\t\t<\/div>\n\t\t<\/div>\n\t\t\t\t\t<\/div>\n\t\t<\/section>\n\t\t\t\t<\/div>\n\t\t","protected":false},"excerpt":{"rendered":"<p>Die &#8222;Alte Merkelfabrik&#8220; wird neuer Firmensitz der imk automotive Die Geschichte der imk im \u00dcberblick \u2013 von 2002 bis heute. Unternehmens&shy;geschichte Der Lehngutsbesitzer und Lehnrichter von Altenhain, Johann August H\u00f6\u00dfler, beauftragte Anfang des 19. Jahrhunderts den Altenhainer Baumeister Christian Friedrich Uhlig, eine wasserbetriebene Spinnm\u00fchle zu erbauen. Diese Baumwollmaschinenspinnerei, auch &#8222;H\u00f6\u00dflersche Spinnm\u00fchle&#8220; genannt, wurde 1821 vom [&hellip;]<\/p>\n","protected":false},"author":1,"featured_media":0,"parent":665,"menu_order":0,"comment_status":"closed","ping_status":"closed","template":"elementor_header_footer","meta":{"_acf_changed":false,"inline_featured_image":false,"footnotes":""},"class_list":["post-747","page","type-page","status-publish","hentry"],"acf":[],"yoast_head":"<!-- This site is optimized with the Yoast SEO plugin v27.4 - https:\/\/yoast.com\/product\/yoast-seo-wordpress\/ -->\n<title>Geschichte der Merkelfabrik | imk Intelligence Consortium<\/title>\n<meta name=\"robots\" content=\"index, follow, max-snippet:-1, max-image-preview:large, max-video-preview:-1\" \/>\n<link rel=\"canonical\" href=\"https:\/\/imk-ic.de\/en\/historie\/geschichte-der-merkelfabrik\/\" \/>\n<meta property=\"og:locale\" content=\"en_GB\" \/>\n<meta property=\"og:type\" content=\"article\" \/>\n<meta property=\"og:title\" content=\"Geschichte der Merkelfabrik | imk Intelligence Consortium\" \/>\n<meta property=\"og:description\" content=\"Die &#8222;Alte Merkelfabrik&#8220; wird neuer Firmensitz der imk automotive Die Geschichte der imk im \u00dcberblick \u2013 von 2002 bis heute. Unternehmens&shy;geschichte Der Lehngutsbesitzer und Lehnrichter von Altenhain, Johann August H\u00f6\u00dfler, beauftragte Anfang des 19. Jahrhunderts den Altenhainer Baumeister Christian Friedrich Uhlig, eine wasserbetriebene Spinnm\u00fchle zu erbauen. Diese Baumwollmaschinenspinnerei, auch &#8222;H\u00f6\u00dflersche Spinnm\u00fchle&#8220; genannt, wurde 1821 vom [&hellip;]\" \/>\n<meta property=\"og:url\" content=\"https:\/\/imk-ic.de\/en\/historie\/geschichte-der-merkelfabrik\/\" \/>\n<meta property=\"og:site_name\" content=\"imk Intelligence Consortium\" \/>\n<meta property=\"article:modified_time\" content=\"2022-11-05T10:19:12+00:00\" \/>\n<meta property=\"og:image\" content=\"https:\/\/imk-ic.de\/wp-content\/uploads\/2022\/04\/logo.png\" \/>\n<meta name=\"twitter:card\" content=\"summary_large_image\" \/>\n<meta name=\"twitter:label1\" content=\"Estimated reading time\" \/>\n\t<meta name=\"twitter:data1\" content=\"3 minutes\" \/>\n<script type=\"application\/ld+json\" class=\"yoast-schema-graph\">{\"@context\":\"https:\\\/\\\/schema.org\",\"@graph\":[{\"@type\":\"WebPage\",\"@id\":\"https:\\\/\\\/imk-ic.de\\\/historie\\\/geschichte-der-merkelfabrik\\\/\",\"url\":\"https:\\\/\\\/imk-ic.de\\\/historie\\\/geschichte-der-merkelfabrik\\\/\",\"name\":\"Geschichte der Merkelfabrik | imk Intelligence Consortium\",\"isPartOf\":{\"@id\":\"https:\\\/\\\/imk-ic.de\\\/#website\"},\"primaryImageOfPage\":{\"@id\":\"https:\\\/\\\/imk-ic.de\\\/historie\\\/geschichte-der-merkelfabrik\\\/#primaryimage\"},\"image\":{\"@id\":\"https:\\\/\\\/imk-ic.de\\\/historie\\\/geschichte-der-merkelfabrik\\\/#primaryimage\"},\"thumbnailUrl\":\"https:\\\/\\\/imk-ic.de\\\/wp-content\\\/uploads\\\/2022\\\/04\\\/logo.png\",\"datePublished\":\"2022-05-09T06:37:18+00:00\",\"dateModified\":\"2022-11-05T10:19:12+00:00\",\"breadcrumb\":{\"@id\":\"https:\\\/\\\/imk-ic.de\\\/historie\\\/geschichte-der-merkelfabrik\\\/#breadcrumb\"},\"inLanguage\":\"en-GB\",\"potentialAction\":[{\"@type\":\"ReadAction\",\"target\":[\"https:\\\/\\\/imk-ic.de\\\/historie\\\/geschichte-der-merkelfabrik\\\/\"]}]},{\"@type\":\"ImageObject\",\"inLanguage\":\"en-GB\",\"@id\":\"https:\\\/\\\/imk-ic.de\\\/historie\\\/geschichte-der-merkelfabrik\\\/#primaryimage\",\"url\":\"https:\\\/\\\/imk-ic.de\\\/wp-content\\\/uploads\\\/2022\\\/04\\\/logo.png\",\"contentUrl\":\"https:\\\/\\\/imk-ic.de\\\/wp-content\\\/uploads\\\/2022\\\/04\\\/logo.png\"},{\"@type\":\"BreadcrumbList\",\"@id\":\"https:\\\/\\\/imk-ic.de\\\/historie\\\/geschichte-der-merkelfabrik\\\/#breadcrumb\",\"itemListElement\":[{\"@type\":\"ListItem\",\"position\":1,\"name\":\"Home\",\"item\":\"https:\\\/\\\/imk-ic.de\\\/\"},{\"@type\":\"ListItem\",\"position\":2,\"name\":\"Historie\",\"item\":\"https:\\\/\\\/imk-ic.de\\\/historie\\\/\"},{\"@type\":\"ListItem\",\"position\":3,\"name\":\"Geschichte der Merkelfabrik\"}]},{\"@type\":\"WebSite\",\"@id\":\"https:\\\/\\\/imk-ic.de\\\/#website\",\"url\":\"https:\\\/\\\/imk-ic.de\\\/\",\"name\":\"imk Intelligence Consortium\",\"description\":\"Beratung, Entwicklung und Fertigung aus einer Hand.\",\"publisher\":{\"@id\":\"https:\\\/\\\/imk-ic.de\\\/#organization\"},\"potentialAction\":[{\"@type\":\"SearchAction\",\"target\":{\"@type\":\"EntryPoint\",\"urlTemplate\":\"https:\\\/\\\/imk-ic.de\\\/?s={search_term_string}\"},\"query-input\":{\"@type\":\"PropertyValueSpecification\",\"valueRequired\":true,\"valueName\":\"search_term_string\"}}],\"inLanguage\":\"en-GB\"},{\"@type\":\"Organization\",\"@id\":\"https:\\\/\\\/imk-ic.de\\\/#organization\",\"name\":\"imk Intelligence Consortium\",\"url\":\"https:\\\/\\\/imk-ic.de\\\/\",\"logo\":{\"@type\":\"ImageObject\",\"inLanguage\":\"en-GB\",\"@id\":\"https:\\\/\\\/imk-ic.de\\\/#\\\/schema\\\/logo\\\/image\\\/\",\"url\":\"https:\\\/\\\/imk-ic.de\\\/wp-content\\\/uploads\\\/2022\\\/04\\\/logo.svg\",\"contentUrl\":\"https:\\\/\\\/imk-ic.de\\\/wp-content\\\/uploads\\\/2022\\\/04\\\/logo.svg\",\"width\":712,\"height\":426,\"caption\":\"imk Intelligence Consortium\"},\"image\":{\"@id\":\"https:\\\/\\\/imk-ic.de\\\/#\\\/schema\\\/logo\\\/image\\\/\"}}]}<\/script>\n<!-- \/ Yoast SEO plugin. -->","yoast_head_json":{"title":"History of the Merkelfabrik | imk Intelligence Consortium","robots":{"index":"index","follow":"follow","max-snippet":"max-snippet:-1","max-image-preview":"max-image-preview:large","max-video-preview":"max-video-preview:-1"},"canonical":"https:\/\/imk-ic.de\/en\/historie\/geschichte-der-merkelfabrik\/","og_locale":"en_GB","og_type":"article","og_title":"Geschichte der Merkelfabrik | imk Intelligence Consortium","og_description":"Die &#8222;Alte Merkelfabrik&#8220; wird neuer Firmensitz der imk automotive Die Geschichte der imk im \u00dcberblick \u2013 von 2002 bis heute. Unternehmens&shy;geschichte Der Lehngutsbesitzer und Lehnrichter von Altenhain, Johann August H\u00f6\u00dfler, beauftragte Anfang des 19. Jahrhunderts den Altenhainer Baumeister Christian Friedrich Uhlig, eine wasserbetriebene Spinnm\u00fchle zu erbauen. Diese Baumwollmaschinenspinnerei, auch &#8222;H\u00f6\u00dflersche Spinnm\u00fchle&#8220; genannt, wurde 1821 vom [&hellip;]","og_url":"https:\/\/imk-ic.de\/en\/historie\/geschichte-der-merkelfabrik\/","og_site_name":"imk Intelligence Consortium","article_modified_time":"2022-11-05T10:19:12+00:00","og_image":[{"url":"https:\/\/imk-ic.de\/wp-content\/uploads\/2022\/04\/logo.png","type":"","width":"","height":""}],"twitter_card":"summary_large_image","twitter_misc":{"Estimated reading time":"3 minutes"},"schema":{"@context":"https:\/\/schema.org","@graph":[{"@type":"WebPage","@id":"https:\/\/imk-ic.de\/historie\/geschichte-der-merkelfabrik\/","url":"https:\/\/imk-ic.de\/historie\/geschichte-der-merkelfabrik\/","name":"History of the Merkelfabrik | imk Intelligence Consortium","isPartOf":{"@id":"https:\/\/imk-ic.de\/#website"},"primaryImageOfPage":{"@id":"https:\/\/imk-ic.de\/historie\/geschichte-der-merkelfabrik\/#primaryimage"},"image":{"@id":"https:\/\/imk-ic.de\/historie\/geschichte-der-merkelfabrik\/#primaryimage"},"thumbnailUrl":"https:\/\/imk-ic.de\/wp-content\/uploads\/2022\/04\/logo.png","datePublished":"2022-05-09T06:37:18+00:00","dateModified":"2022-11-05T10:19:12+00:00","breadcrumb":{"@id":"https:\/\/imk-ic.de\/historie\/geschichte-der-merkelfabrik\/#breadcrumb"},"inLanguage":"en-GB","potentialAction":[{"@type":"ReadAction","target":["https:\/\/imk-ic.de\/historie\/geschichte-der-merkelfabrik\/"]}]},{"@type":"ImageObject","inLanguage":"en-GB","@id":"https:\/\/imk-ic.de\/historie\/geschichte-der-merkelfabrik\/#primaryimage","url":"https:\/\/imk-ic.de\/wp-content\/uploads\/2022\/04\/logo.png","contentUrl":"https:\/\/imk-ic.de\/wp-content\/uploads\/2022\/04\/logo.png"},{"@type":"BreadcrumbList","@id":"https:\/\/imk-ic.de\/historie\/geschichte-der-merkelfabrik\/#breadcrumb","itemListElement":[{"@type":"ListItem","position":1,"name":"Home","item":"https:\/\/imk-ic.de\/"},{"@type":"ListItem","position":2,"name":"Historie","item":"https:\/\/imk-ic.de\/historie\/"},{"@type":"ListItem","position":3,"name":"Geschichte der Merkelfabrik"}]},{"@type":"WebSite","@id":"https:\/\/imk-ic.de\/#website","url":"https:\/\/imk-ic.de\/","name":"imk Intelligence Consortium","description":"Advice, development and production from a single source.","publisher":{"@id":"https:\/\/imk-ic.de\/#organization"},"potentialAction":[{"@type":"SearchAction","target":{"@type":"EntryPoint","urlTemplate":"https:\/\/imk-ic.de\/?s={search_term_string}"},"query-input":{"@type":"PropertyValueSpecification","valueRequired":true,"valueName":"search_term_string"}}],"inLanguage":"en-GB"},{"@type":"Organization","@id":"https:\/\/imk-ic.de\/#organization","name":"imk Intelligence Consortium","url":"https:\/\/imk-ic.de\/","logo":{"@type":"ImageObject","inLanguage":"en-GB","@id":"https:\/\/imk-ic.de\/#\/schema\/logo\/image\/","url":"https:\/\/imk-ic.de\/wp-content\/uploads\/2022\/04\/logo.svg","contentUrl":"https:\/\/imk-ic.de\/wp-content\/uploads\/2022\/04\/logo.svg","width":712,"height":426,"caption":"imk Intelligence Consortium"},"image":{"@id":"https:\/\/imk-ic.de\/#\/schema\/logo\/image\/"}}]}},"_links":{"self":[{"href":"https:\/\/imk-ic.de\/en\/wp-json\/wp\/v2\/pages\/747","targetHints":{"allow":["GET"]}}],"collection":[{"href":"https:\/\/imk-ic.de\/en\/wp-json\/wp\/v2\/pages"}],"about":[{"href":"https:\/\/imk-ic.de\/en\/wp-json\/wp\/v2\/types\/page"}],"author":[{"embeddable":true,"href":"https:\/\/imk-ic.de\/en\/wp-json\/wp\/v2\/users\/1"}],"replies":[{"embeddable":true,"href":"https:\/\/imk-ic.de\/en\/wp-json\/wp\/v2\/comments?post=747"}],"version-history":[{"count":38,"href":"https:\/\/imk-ic.de\/en\/wp-json\/wp\/v2\/pages\/747\/revisions"}],"predecessor-version":[{"id":3335,"href":"https:\/\/imk-ic.de\/en\/wp-json\/wp\/v2\/pages\/747\/revisions\/3335"}],"up":[{"embeddable":true,"href":"https:\/\/imk-ic.de\/en\/wp-json\/wp\/v2\/pages\/665"}],"wp:attachment":[{"href":"https:\/\/imk-ic.de\/en\/wp-json\/wp\/v2\/media?parent=747"}],"curies":[{"name":"wp","href":"https:\/\/api.w.org\/{rel}","templated":true}]}}